{"id":127,"date":"2025-02-12T08:34:54","date_gmt":"2025-02-12T07:34:54","guid":{"rendered":"https:\/\/vrtecskofije.splet.arnes.si\/?page_id=127"},"modified":"2025-02-15T14:23:26","modified_gmt":"2025-02-15T13:23:26","slug":"prehrana","status":"publish","type":"page","link":"https:\/\/vrtec-skofije.si\/?page_id=127","title":{"rendered":"Prehrana v vrtcu"},"content":{"rendered":"<p>Otroci v vrtcu pre\u017eivijo dve tretjini svojega aktivnega \u010dasa, zato prehrana v vrtcu pokrije 70 do 75 % dnevnih energijskih in hranilnih potreb otroka. V tem obdobju se otrokom izoblikujejo prehranske navade, zato se v vrtcu \u0161e posebej trudimo, da otroke spodbujamo k zdravemu prehranjevanju, k posku\u0161anju novih jedi in \u017eivil ter primerni kulturi pri prehranjevanju.<\/p>\r\n<p>Otroci imajo v vrtcu na voljo tri glavne obroke: jutranja malica, kosilo in popoldanska malica (ne glede na to ali je vklju\u010den v poldnevni ali celodnevni program). V dopoldanskem \u010dasu jim ponudimo \u0161e sadno malico, ki je sestavljena iz razli\u010dnega sve\u017eega ali suhega sadja (ob\u010dasno in starosti primerno). Kruh, vodo ali nesladkano pija\u010do (\u010daj) imajo otroci stalno na razpolago.<\/p>\r\n<p><strong>Jedilnike<\/strong> <strong>pripravlja vodja \u0161olske prehrane, Nika Renko<\/strong>, v sodelovanju s kuharji. Tedenski jedilniki so objavljeni v garderobah in na spletni strani \u0161ole. Komisija za prehrano, ki se sestaja po potrebi, spremlja in evalvira kakovost prehrane.<\/p>\r\n<p>V kuhinji upo\u0161tevamo na\u010dela dobre higienske prakse, skrbimo za \u010disto\u010do rok, opreme in prostorov, skrbimo za neprekinjeno hladno oziroma toplo verigo, nadzorujemo kakovost surovin in omejujemo razli\u010dna tveganja s sistemom HACCP. Upo\u0161tevamo, da je \u010das od priprave do serviranja hrane \u010dim kraj\u0161i. \u010ce je le mogo\u010de, uporabljamo sezonska, sve\u017ea, lokalna in ekolo\u0161ka \u017eivila. Izvajamo stalen nadzor nad kvaliteto hrane in pazimo, da nabavljamo hrano z najmanj\u0161o vsebnostjo aditivov. Splo\u0161ni seznam aditivov v dolo\u010denih skupinah jedi je objavljen na spletni strani. Na jedilniku sproti ozna\u010dimo alergene, ki jih dolo\u010dena jed vsebuje.<\/p>\r\n<p>V primeru ne pravo\u010dasne dostave \u017eivil s strani dobaviteljev (objektivni razlogi), te\u017eav pri nabavi dolo\u010denih \u017eivil, zavrnitvi neustreznih \u017eivil ali ob odsotnosti ve\u010djega \u0161tevila kuhinjskega osebja, si pridr\u017eujemo pravico do spremembe jedilnika, vsekakor ne na ra\u010dun kakovosti obrokov.<\/p>\r\n<p><img loading=\"lazy\" decoding=\"async\" class=\"size-medium wp-image-165 aligncenter\" src=\"https:\/\/vrtec-skofije.si\/files\/2025\/02\/preh-300x145.png\" alt=\"\" width=\"300\" height=\"145\" srcset=\"https:\/\/vrtec-skofije.si\/files\/2025\/02\/preh-300x145.png 300w, https:\/\/vrtec-skofije.si\/files\/2025\/02\/preh-768x372.png 768w, https:\/\/vrtec-skofije.si\/files\/2025\/02\/preh-947x458.png 947w, https:\/\/vrtec-skofije.si\/files\/2025\/02\/preh-624x302.png 624w, https:\/\/vrtec-skofije.si\/files\/2025\/02\/preh.png 977w\" sizes=\"auto, (max-width: 300px) 100vw, 300px\" \/><\/p>\r\n<p><strong>V vrtec se ne sme prina\u0161ati doma izdelanega peciva, tort ali druge hrane.<\/strong> Glede na posebne zdravstveno higienske razmere smo star\u0161em dali navodilo, da se v vrtec ne prina\u0161a daril za otroke. Otroci bodo posebne, pomembne dneve obele\u017eili na druga\u010den na\u010din. Slavljenec (npr. ob rojstnem dnevu) bo, ne glede na vse ukrepe, svoj dan pre\u017eivel slavnostno.<\/p>\r\n<!-- \/wp:post-content -->\r\n\r\n<!-- wp:image {\"align\":\"center\",\"id\":3881,\"width\":211,\"height\":120,\"sizeSlug\":\"large\"} -->\r\n<div class=\"wp-block-image\"><code><div class=\"df-element df-lite\"  data-slug=\"skupaj-do-zdravih-prehranskih-navad\" data-_slug=\"skupaj-do-zdravih-prehranskih-navad\" data-title=\"skupaj-do-zdravih-prehranskih-navad\" id=\"df_295\" data-option=\"df_option_295\" ><\/div><script class=\"df-shortcode-script\" type=\"application\/javascript\">window.df_option_295 = {\"source\":\"\\\/files\\\/2025\\\/02\\\/Letak-Skupaj-do-zdravih-prehranskih-navad.pdf\",\"viewerType\":\"flipbook\",\"slug\":\"skupaj-do-zdravih-prehranskih-navad\",\"id\":295}; if(window.DEARPDF && window.DEARPDF.parseElements){window.DEARPDF.parseElements();}<\/script><\/code><\/div>","protected":false},"excerpt":{"rendered":"<p>Otroci v vrtcu pre\u017eivijo dve tretjini svojega aktivnega \u010dasa, zato prehrana v vrtcu pokrije 70 do 75 % dnevnih energijskih in hranilnih potreb otroka. V tem obdobju se otrokom izoblikujejo [&hellip;]<\/p>\n","protected":false},"author":58769,"featured_media":0,"parent":0,"menu_order":0,"comment_status":"closed","ping_status":"closed","template":"","meta":{"ngg_post_thumbnail":0,"footnotes":""},"class_list":["post-127","page","type-page","status-publish","hentry"],"_links":{"self":[{"href":"https:\/\/vrtec-skofije.si\/index.php?rest_route=\/wp\/v2\/pages\/127","targetHints":{"allow":["GET"]}}],"collection":[{"href":"https:\/\/vrtec-skofije.si\/index.php?rest_route=\/wp\/v2\/pages"}],"about":[{"href":"https:\/\/vrtec-skofije.si\/index.php?rest_route=\/wp\/v2\/types\/page"}],"author":[{"embeddable":true,"href":"https:\/\/vrtec-skofije.si\/index.php?rest_route=\/wp\/v2\/users\/58769"}],"replies":[{"embeddable":true,"href":"https:\/\/vrtec-skofije.si\/index.php?rest_route=%2Fwp%2Fv2%2Fcomments&post=127"}],"version-history":[{"count":11,"href":"https:\/\/vrtec-skofije.si\/index.php?rest_route=\/wp\/v2\/pages\/127\/revisions"}],"predecessor-version":[{"id":131,"href":"https:\/\/vrtec-skofije.si\/index.php?rest_route=\/wp\/v2\/pages\/127\/revisions\/131"}],"wp:attachment":[{"href":"https:\/\/vrtec-skofije.si\/index.php?rest_route=%2Fwp%2Fv2%2Fmedia&parent=127"}],"curies":[{"name":"wp","href":"https:\/\/api.w.org\/{rel}","templated":true}]}}