{"id":327,"date":"2026-02-15T15:18:03","date_gmt":"2026-02-15T14:18:03","guid":{"rendered":"https:\/\/vrtecskofije.splet.arnes.si\/?page_id=327"},"modified":"2026-03-30T22:53:58","modified_gmt":"2026-03-30T20:53:58","slug":"svet-zavoda","status":"publish","type":"page","link":"https:\/\/vrtec-skofije.si\/?page_id=327","title":{"rendered":"Svet zavoda"},"content":{"rendered":"<p style=\"text-align: justify\">Svet zavoda Osnovne \u0161ole Oskarja Kova\u010di\u010da \u0160kofije ima \u0161tiriletni mandat, sestavljajo ga trije predstavniki ustanovitelja, trije predstavniki star\u0161ev in pet predstavnikov delavcev \u0161ole. Konstituiran je bil marca 2026.<\/p>\n<p style=\"text-align: justify\">Predsednica Sveta zavoda Osnovne \u0161ole Oskarja Kova\u010di\u010da \u0160kofije je Mirjana Pisk, podpredsednik je Miran Bav\u010dar.<\/p>\n<p>&nbsp;<\/p>\n<p><strong>Predstavniki delavcev Osnovne \u0161ole Oskarja Kova\u010di\u010da \u0160kofije:<\/strong><\/p>\n<ul>\n<li>Bernarda Bari\u010devi\u010d<\/li>\n<li>Monika Jerman<\/li>\n<li>Ina Jurin\u010di\u010d<\/li>\n<li>Mirjana Pisk<\/li>\n<li>Bojan Mavsar<\/li>\n<\/ul>\n<p><strong>Predstavniki star\u0161ev Osnovne \u0161ole Oskarja Kova\u010di\u010da \u0160kofije:<\/strong><\/p>\n<ul>\n<li>Nata\u0161a Batagelj Ndior<\/li>\n<li>Katja Letig Hamer\u0161ak<\/li>\n<li>Aaron Uazeua<\/li>\n<\/ul>\n<p><strong>Predstavniki ustanovitelja Mestne ob\u010dina Koper:<\/strong><\/p>\n<ul>\n<li>Miran Bav\u010dar<\/li>\n<li>Rok Kozlovi\u010d<\/li>\n<li>Hermina Valen\u010di\u010d<\/li>\n<\/ul>\n<p>&nbsp;<\/p>\n<hr>\n<p><img loading=\"lazy\" decoding=\"async\" class=\"wp-image-313 alignleft\" src=\"https:\/\/vrtec-skofije.si\/files\/2024\/09\/info.png\" alt=\"\" width=\"76\" height=\"62\"><\/p>\n<p>&nbsp;<\/p>\n<p><strong>Gradiva sej in zapisniki sestankov<\/strong> &#8211; <a href=\"https:\/\/solaskofije.splet.arnes.si\/svet-zavoda\/\" target=\"_blank\" rel=\"noopener\">na povezavi (O\u0160 \u0160kofije)<\/a><\/p>\n<h4>&nbsp;<\/h4>\n<p><img loading=\"lazy\" decoding=\"async\" class=\"size-medium wp-image-284 aligncenter\" src=\"https:\/\/vrtec-skofije.si\/files\/2025\/02\/otroci2-300x188.png\" alt=\"\" width=\"300\" height=\"188\" srcset=\"https:\/\/vrtec-skofije.si\/files\/2025\/02\/otroci2-300x188.png 300w, https:\/\/vrtec-skofije.si\/files\/2025\/02\/otroci2.png 411w\" sizes=\"auto, (max-width: 300px) 100vw, 300px\" \/><\/p>\n","protected":false},"excerpt":{"rendered":"<p>Svet zavoda Osnovne \u0161ole Oskarja Kova\u010di\u010da \u0160kofije ima \u0161tiriletni mandat, sestavljajo ga trije predstavniki ustanovitelja, trije predstavniki star\u0161ev in pet predstavnikov delavcev \u0161ole. Konstituiran je bil marca 2026. Predsednica Sveta [&hellip;]<\/p>\n","protected":false},"author":58769,"featured_media":0,"parent":0,"menu_order":0,"comment_status":"closed","ping_status":"closed","template":"","meta":{"ngg_post_thumbnail":0,"footnotes":""},"class_list":["post-327","page","type-page","status-publish","hentry"],"_links":{"self":[{"href":"https:\/\/vrtec-skofije.si\/index.php?rest_route=\/wp\/v2\/pages\/327","targetHints":{"allow":["GET"]}}],"collection":[{"href":"https:\/\/vrtec-skofije.si\/index.php?rest_route=\/wp\/v2\/pages"}],"about":[{"href":"https:\/\/vrtec-skofije.si\/index.php?rest_route=\/wp\/v2\/types\/page"}],"author":[{"embeddable":true,"href":"https:\/\/vrtec-skofije.si\/index.php?rest_route=\/wp\/v2\/users\/58769"}],"replies":[{"embeddable":true,"href":"https:\/\/vrtec-skofije.si\/index.php?rest_route=%2Fwp%2Fv2%2Fcomments&post=327"}],"version-history":[{"count":15,"href":"https:\/\/vrtec-skofije.si\/index.php?rest_route=\/wp\/v2\/pages\/327\/revisions"}],"predecessor-version":[{"id":1535,"href":"https:\/\/vrtec-skofije.si\/index.php?rest_route=\/wp\/v2\/pages\/327\/revisions\/1535"}],"wp:attachment":[{"href":"https:\/\/vrtec-skofije.si\/index.php?rest_route=%2Fwp%2Fv2%2Fmedia&parent=327"}],"curies":[{"name":"wp","href":"https:\/\/api.w.org\/{rel}","templated":true}]}}